{"id":358,"date":"2020-11-15T17:27:07","date_gmt":"2020-11-15T16:27:07","guid":{"rendered":"https:\/\/selbbach.de\/?page_id=358"},"modified":"2022-04-25T15:28:04","modified_gmt":"2022-04-25T13:28:04","slug":"datenschutz","status":"publish","type":"page","link":"https:\/\/selbbach.de\/czech\/datenschutz\/","title":{"rendered":"Ochrana osobn\u00edch \u00fadaj\u016f"},"content":{"rendered":"\t\t<div data-elementor-type=\"wp-page\" data-elementor-id=\"358\" class=\"elementor elementor-358\" data-elementor-post-type=\"page\">\n\t\t\t\t\t\t<section class=\"elementor-section elementor-top-section elementor-element elementor-element-ab0c589 elementor-section-full_width elementor-section-height-default elementor-section-height-default\" data-id=\"ab0c589\" data-element_type=\"section\" data-e-type=\"section\">\n\t\t\t\t\t\t<div class=\"elementor-container elementor-column-gap-default\">\n\t\t\t\t\t<div class=\"elementor-column elementor-col-100 elementor-top-column elementor-element elementor-element-46d728b\" data-id=\"46d728b\" data-element_type=\"column\" data-e-type=\"column\" data-settings=\"{&quot;motion_fx_motion_fx_scrolling&quot;:&quot;yes&quot;,&quot;motion_fx_translateX_effect&quot;:&quot;yes&quot;,&quot;motion_fx_translateX_speed&quot;:{&quot;unit&quot;:&quot;px&quot;,&quot;size&quot;:&quot;1&quot;,&quot;sizes&quot;:[]},&quot;motion_fx_translateX_affectedRange&quot;:{&quot;unit&quot;:&quot;%&quot;,&quot;size&quot;:&quot;&quot;,&quot;sizes&quot;:{&quot;start&quot;:&quot;0&quot;,&quot;end&quot;:&quot;50&quot;}},&quot;motion_fx_devices&quot;:[&quot;desktop&quot;,&quot;tablet&quot;]}\">\n\t\t\t<div class=\"elementor-widget-wrap elementor-element-populated\">\n\t\t\t\t\t\t<div class=\"elementor-element elementor-element-c85cb73 elementor-widget-divider--view-line_text elementor-widget-divider--element-align-left elementor-widget elementor-widget-divider\" data-id=\"c85cb73\" data-element_type=\"widget\" data-e-type=\"widget\" data-widget_type=\"divider.default\">\n\t\t\t\t<div class=\"elementor-widget-container\">\n\t\t\t\t\t\t\t<div class=\"elementor-divider\">\n\t\t\t<span class=\"elementor-divider-separator\">\n\t\t\t\t\t\t\t<span class=\"elementor-divider__text elementor-divider__element\">\n\t\t\t\t<b>Datenschutz<\/b>\t\t\t\t<\/span>\n\t\t\t\t\t\t<\/span>\n\t\t<\/div>\n\t\t\t\t\t\t<\/div>\n\t\t\t\t<\/div>\n\t\t\t\t\t<\/div>\n\t\t<\/div>\n\t\t\t\t\t<\/div>\n\t\t<\/section>\n\t\t\t\t<section class=\"elementor-section elementor-top-section elementor-element elementor-element-06b51ba elementor-section-full_width elementor-section-height-default elementor-section-height-default\" data-id=\"06b51ba\" data-element_type=\"section\" data-e-type=\"section\">\n\t\t\t\t\t\t<div class=\"elementor-container elementor-column-gap-default\">\n\t\t\t\t\t<div class=\"elementor-column elementor-col-100 elementor-top-column elementor-element elementor-element-083ff7a\" data-id=\"083ff7a\" data-element_type=\"column\" data-e-type=\"column\">\n\t\t\t<div class=\"elementor-widget-wrap elementor-element-populated\">\n\t\t\t\t\t\t<div class=\"elementor-element elementor-element-2bcd55b elementor-widget elementor-widget-text-editor\" data-id=\"2bcd55b\" data-element_type=\"widget\" data-e-type=\"widget\" data-widget_type=\"text-editor.default\">\n\t\t\t\t<div class=\"elementor-widget-container\">\n\t\t\t\t\t\t\t\t\t<p>Diese Datenschutzerkl\u00e4rung bezieht sich auf die Verarbeitung personenbezogener Daten im Rahmen dieses Internetauftritts, einschlie\u00dflich der dort angebotenen Dienste. F\u00fcr n\u00e4here Informationen zur Verarbeitung Ihrer personenbezogenen Daten k\u00f6nnen Sie uns unter den unten genannten Kontaktdaten erreichen.<\/p>\n<h3><strong>Allgemeine Hinweise<\/strong><\/h3>\n<p><strong>Kontaktdaten des Verantwortlichen<\/strong><\/p>\n<p>Wasserwirtschaftsamt Hof<br>Jahnstra\u00dfe 4<br>95030 Hof<\/p>\t\t\t\t\t\t\t\t<\/div>\n\t\t\t\t<\/div>\n\t\t\t\t<div class=\"elementor-element elementor-element-1ccaf13 elementor-widget elementor-widget-text-editor\" data-id=\"1ccaf13\" data-element_type=\"widget\" data-e-type=\"widget\" data-widget_type=\"text-editor.default\">\n\t\t\t\t<div class=\"elementor-widget-container\">\n\t\t\t\t\t\t\t\t\t<p><strong>Kontaktdaten des zentralen Datenschutzbeauftragten f\u00fcr die Wasserwirtschafts\u00e4mter<\/strong><\/p><p>Alfons Loth<br \/>E-Mail: <a title=\"E-Mail-Link\" href=\"mailto:datenschutzbeauftragter@wwa-ts.bayern.de\">datenschutzbeauftragter@wwa-ts.bayern.de <\/a> <br \/>Telefon: +49 861 70655-540<br \/>Fax: +49 861 13605<\/p>\t\t\t\t\t\t\t\t<\/div>\n\t\t\t\t<\/div>\n\t\t\t\t<div class=\"elementor-element elementor-element-b098aca elementor-widget elementor-widget-text-editor\" data-id=\"b098aca\" data-element_type=\"widget\" data-e-type=\"widget\" data-widget_type=\"text-editor.default\">\n\t\t\t\t<div class=\"elementor-widget-container\">\n\t\t\t\t\t\t\t\t\t<p><strong>Rechtsgrundlage der Verarbeitung<\/strong><\/p><p>Ihre Daten werden, soweit nichts anderes angegeben wird, im Rahmen unserer \u00f6ffentlichen Aufgabenwahrnehmung verarbeitet (Art. 6 Abs. 1 Buchst. e i.V.m. Art. 6 Abs. 3 S. 1 Datenschutzgrundverordnung und Art. 4 Abs. 1 Bayerisches Datenschutzgesetz).<\/p>\t\t\t\t\t\t\t\t<\/div>\n\t\t\t\t<\/div>\n\t\t\t\t<div class=\"elementor-element elementor-element-630608e elementor-widget elementor-widget-text-editor\" data-id=\"630608e\" data-element_type=\"widget\" data-e-type=\"widget\" data-widget_type=\"text-editor.default\">\n\t\t\t\t<div class=\"elementor-widget-container\">\n\t\t\t\t\t\t\t\t\t<p><strong>Dauer der Speicherung der personenbezogenen Daten<\/strong><\/p><p>Ihre Daten werden nach der Erhebung beim Wasserwirtschaftsamt Hof nur so lange gespeichert, wie dies f\u00fcr die Erreichung des jeweiligen Speicherungszweckes erforderlich ist oder wie dies durch gesetzliche Vorschriften vorgeschrieben ist.<\/p>\t\t\t\t\t\t\t\t<\/div>\n\t\t\t\t<\/div>\n\t\t\t\t<div class=\"elementor-element elementor-element-276ad16 elementor-widget elementor-widget-text-editor\" data-id=\"276ad16\" data-element_type=\"widget\" data-e-type=\"widget\" data-widget_type=\"text-editor.default\">\n\t\t\t\t<div class=\"elementor-widget-container\">\n\t\t\t\t\t\t\t\t\t<p><strong>Betroffenenrechte<\/strong><\/p><p>Als Betroffener einer Datenverarbeitung stehen Ihnen folgende Rechte zu:<\/p><ul><li>Werden Ihre personenbezogenen Daten verarbeitet, so haben Sie das Recht Auskunft \u00fcber die zu Ihrer Person gespeicherten Daten zu erhalten (Art. 15 DSGVO).<\/li><li>Sollten unrichtige personenbezogene Daten verarbeitet werden, steht Ihnen ein Recht auf Berichtigung zu (Art. 16 DSGVO).<\/li><li>Liegen die gesetzlichen Voraussetzungen vor, so k\u00f6nnen Sie die L\u00f6schung oder Einschr\u00e4nkung der Verarbeitung verlangen sowie Widerspruch gegen die Verarbeitung einlegen (Art. 17, 18 und 21 DSGVO).<\/li><li>Wenn Sie in die Datenverarbeitung eingewilligt haben oder ein Vertrag zur Datenverarbeitung besteht und die Datenverarbeitung mithilfe automatisierter Verfahren durchgef\u00fchrt wird, steht Ihnen gegebenenfalls ein Recht auf Daten\u00fcbertragbarkeit zu (Art. 20 DSGVO).<\/li><li>Sollten Sie von Ihren oben genannten Rechten Gebrauch machen, pr\u00fcft die \u00f6ffentliche Stelle, ob die gesetzlichen Voraussetzungen hierf\u00fcr erf\u00fcllt sind.<\/li><li>Unabh\u00e4ngig davon k\u00f6nnen Sie sich an die Aufsichtsbeh\u00f6rde, d.h. den Bayerischen Landesbeauftragten f\u00fcr den Datenschutz wenden.<\/li><li>Falls Sie in die Verarbeitung durch das Wasserwirtschaftsamt Hof mittels einer entsprechenden Erkl\u00e4rung eingewilligt haben und die Verarbeitung auf dieser Einwilligung beruht, k\u00f6nnen Sie die Einwilligung jederzeit f\u00fcr die Zukunft widerrufen. Die Rechtm\u00e4\u00dfigkeit der aufgrund der Einwilligung bis zum Widerruf erfolgten Datenverarbeitung wird durch diesen nicht ber\u00fchrt.<\/li><\/ul>\t\t\t\t\t\t\t\t<\/div>\n\t\t\t\t<\/div>\n\t\t\t\t<div class=\"elementor-element elementor-element-4ae378a elementor-widget elementor-widget-text-editor\" data-id=\"4ae378a\" data-element_type=\"widget\" data-e-type=\"widget\" data-widget_type=\"text-editor.default\">\n\t\t\t\t<div class=\"elementor-widget-container\">\n\t\t\t\t\t\t\t\t\t<p><strong>Zwecke und Rechtsgrundlagen der Datenverarbeitung<\/strong><\/p><p>Zweck der Verarbeitung ist die Erf\u00fcllung der uns vom Gesetzgeber zugewiesenen \u00f6ffentlichen Aufgaben.\u2028 Die Rechtsgrundlage f\u00fcr die Verarbeitung Ihrer Daten ergibt sich, soweit nichts anderes angegeben ist, aus Art. 4 Abs. 1 Bayerisches Datenschutzgesetz (BayDSG) i.V.m. Art. 6 Abs. 1 Buchstabe e) der Datenschutzgrundverordnung (DSGVO). Demnach ist es uns erlaubt, die zur Erf\u00fcllung einer uns obliegenden Aufgabe erforderlichen Daten zu verarbeiten.\u2028 Sollten Sie in die Datenverarbeitung eingewilligt haben, st\u00fctzt sich die Datenverarbeitung auf Art. 6 Abs. 1 Buchstabe a DSGVO.<\/p>\t\t\t\t\t\t\t\t<\/div>\n\t\t\t\t<\/div>\n\t\t\t\t<div class=\"elementor-element elementor-element-8a4f23e elementor-widget elementor-widget-text-editor\" data-id=\"8a4f23e\" data-element_type=\"widget\" data-e-type=\"widget\" data-widget_type=\"text-editor.default\">\n\t\t\t\t<div class=\"elementor-widget-container\">\n\t\t\t\t\t\t\t\t\t<p><strong>Empf\u00e4nger von personenbezogenen Daten<\/strong><\/p><p>Soweit Ihre Daten elektronisch verarbeitet werden, erfolgt der technische Betrieb unserer Datenverarbeitungssysteme durch:<\/p><p>ALL-INKL.COM \u2013 Neue Medien M\u00fcnnich<br \/>Inhaber: Ren\u00e9 M\u00fcnnich<br \/>Hauptstra\u00dfe 68 | D-02742 Friedersdorf<\/p>\t\t\t\t\t\t\t\t<\/div>\n\t\t\t\t<\/div>\n\t\t\t\t<div class=\"elementor-element elementor-element-c71d1c2 elementor-widget elementor-widget-text-editor\" data-id=\"c71d1c2\" data-element_type=\"widget\" data-e-type=\"widget\" data-no-translation=\"\" data-widget_type=\"text-editor.default\">\n\t\t\t\t<div class=\"elementor-widget-container\">\n\t\t\t\t\t<style>.elementor-element-c71d1c2{display:none !important}<\/style>\t\t\t\t<\/div>\n\t\t\t\t<\/div>\n\t\t\t\t<div class=\"elementor-element elementor-element-a00b7c7 elementor-widget elementor-widget-text-editor\" data-id=\"a00b7c7\" data-element_type=\"widget\" data-e-type=\"widget\" data-no-translation=\"\" data-widget_type=\"text-editor.default\">\n\t\t\t\t<div class=\"elementor-widget-container\">\n\t\t\t\t\t<style>.elementor-element-a00b7c7{display:none !important}<\/style>\t\t\t\t<\/div>\n\t\t\t\t<\/div>\n\t\t\t\t<div class=\"elementor-element elementor-element-786770f elementor-widget elementor-widget-text-editor\" data-id=\"786770f\" data-element_type=\"widget\" data-e-type=\"widget\" data-widget_type=\"text-editor.default\">\n\t\t\t\t<div class=\"elementor-widget-container\">\n\t\t\t\t\t\t\t\t\t<p><strong>Beschwerderecht bei der Aufsichtsbeh\u00f6rde<\/strong><\/p><p>Weiterhin besteht ein Beschwerderecht beim Bayerischen Landesbeauftragten f\u00fcr den Datenschutz. Diesen k\u00f6nnen Sie unter folgenden Kontaktdaten erreichen:<\/p><p>E-Mail: <a href=\"mailto:poststelle@datenschutz-bayern.de\">poststelle@datenschutz-bayern.de<\/a><br \/>Telefon: 089 2126-720<br \/>Telefax: 088 2126-7250<\/p>\t\t\t\t\t\t\t\t<\/div>\n\t\t\t\t<\/div>\n\t\t\t\t<div class=\"elementor-element elementor-element-bdcaf35 elementor-widget elementor-widget-text-editor\" data-id=\"bdcaf35\" data-element_type=\"widget\" data-e-type=\"widget\" data-widget_type=\"text-editor.default\">\n\t\t\t\t<div class=\"elementor-widget-container\">\n\t\t\t\t\t\t\t\t\t<p><strong>Weitere Informationen<\/strong><\/p><p>F\u00fcr n\u00e4here Informationen zur Verarbeitung Ihrer Daten und zu Ihren Rechten k\u00f6nnen Sie uns unter den oben genannten Kontaktdaten erreichen.<\/p>\t\t\t\t\t\t\t\t<\/div>\n\t\t\t\t<\/div>\n\t\t\t\t<div class=\"elementor-element elementor-element-77c4035 elementor-widget elementor-widget-text-editor\" data-id=\"77c4035\" data-element_type=\"widget\" data-e-type=\"widget\" data-widget_type=\"text-editor.default\">\n\t\t\t\t<div class=\"elementor-widget-container\">\n\t\t\t\t\t\t\t\t\t<p><strong>Matomo<\/strong><\/p>\n<p>Diese Webseite verwendet <a href=\"https:\/\/matomo.org\/\">Matomo<\/a> zur Webanalyse, ein Dienst der InnoCraft Ltd., 150 Willis St, 6011 Wellington, New Zealand, NZBN 6106769, (\u201eMatomo\u201c), eine selbstgehostete Open Source Software um anonyme Nutzungsdaten f\u00fcr diese Webseite zu sammeln.<\/p>\n<p><\/p>\n<p>Von Matomo verarbeitete Daten:<\/p>\n<ul>\n<li>\n<p>Anonymisierte IP-Adressen indem die letzten 2 bytes entfernt werden (also 198.51.0.0 anstatt 198.51.100.54)<\/p>\n<\/li>\n<li>\n<p>Pseudoanonymisierter Standort (basierend auf der anonymisierten IP-Adresse<\/p>\n<\/li>\n<li>\n<p>Datum und Uhrzeit<\/p>\n<\/li>\n<li>\n<p>Titel der aufgerufenen Seite<\/p>\n<\/li>\n<li>\n<p>URL der aufgerufenen Seite<\/p>\n<\/li>\n<li>\n<p>URL der vorhergehenden Seite (sofern diese das erlaubt)<\/p>\n<\/li>\n<li>\n<p>Bildschirmaufl\u00f6sung<\/p>\n<\/li>\n<li>\n<p>Lokale Zeit<\/p>\n<\/li>\n<li>\n<p>Dateien die angeklickt und heruntergeladen wurden<\/p>\n<\/li>\n<li>\n<p>Externe Links<\/p>\n<\/li>\n<li>\n<p>Dauer des Seitenaufbaus<\/p>\n<\/li>\n<li>\n<p>Land, Region, Stadt (mit niedriger Genauigkeit aufgrund von IP-Adresse)<\/p>\n<\/li>\n<li>\n<p>Hauptsprache des Browsers<\/p>\n<\/li>\n<li>\n<p>User Agent des Browsers<\/p>\n<\/li>\n<li>\n<p>Interaktionen mit Formularen (aber nicht deren Inhalt)<\/p>\n<\/li>\n<\/ul>\n<p>Weitere Informationen zu den Nutzungsbedingungen von Matomo und den datenschutzrechtlichen Regelungen finden Sie unter: <a href=\"https:\/\/matomo.org\/privacy\/\" target=\"_blank\" rel=\"noopener nofollow\">https:\/\/matomo.org\/privacy\/<\/a><\/p>\n<p>Sie k\u00f6nnen jederzeit der Datensammlung widersprechen, indem Sie in Ihrem Browser <a href=\"https:\/\/www.eff.org\/issues\/do-not-track\">DoNotTrack<\/a> oder diese Box abhaken:<\/p>\n<p><div class=\"BorlabsCookie _brlbs-switch-consent\"><label class=\"_brlbs-btn-switch _brlbs-btn-switch--textRight\"><input type=\"checkbox\" id=\"borlabs-cookie-matomo\" data-cookie-group=\"statistics\" name=\"borlabsCookie[statistics][]\" value=\"matomo\" data-borlabs-cookie-switch \/><span class=\"_brlbs-slider\"><\/span><span class=\"_brlbs-btn-switch-status\" data-active=\"An\" data-inactive=\"Aus\" aria-hidden=\"true\"><\/span><\/label><label class=\"_brlbs-title\" for=\"borlabs-cookie-matomo\">Matomo<\/label><\/div><\/p>\t\t\t\t\t\t\t\t<\/div>\n\t\t\t\t<\/div>\n\t\t\t\t<div class=\"elementor-element elementor-element-50df7bf elementor-widget elementor-widget-text-editor\" data-id=\"50df7bf\" data-element_type=\"widget\" data-e-type=\"widget\" data-widget_type=\"text-editor.default\">\n\t\t\t\t<div class=\"elementor-widget-container\">\n\t\t\t\t\t\t\t\t\t<h3><strong>Besondere Hinweise zum Internetangebot<\/strong><\/h3>\t\t\t\t\t\t\t\t<\/div>\n\t\t\t\t<\/div>\n\t\t\t\t<div class=\"elementor-element elementor-element-b20a692 elementor-widget elementor-widget-text-editor\" data-id=\"b20a692\" data-element_type=\"widget\" data-e-type=\"widget\" data-widget_type=\"text-editor.default\">\n\t\t\t\t<div class=\"elementor-widget-container\">\n\t\t\t\t\t\t\t\t\t<p><strong><\/strong><\/p>\n<p>Der Webserver wird durch ALL-INKL.COM \u2013 Neue Medien M\u00fcnnich betrieben.<br><\/p>\t\t\t\t\t\t\t\t<\/div>\n\t\t\t\t<\/div>\n\t\t\t\t<div class=\"elementor-element elementor-element-63c9f70 elementor-widget elementor-widget-text-editor\" data-id=\"63c9f70\" data-element_type=\"widget\" data-e-type=\"widget\" data-no-translation=\"\" data-widget_type=\"text-editor.default\">\n\t\t\t\t<div class=\"elementor-widget-container\">\n\t\t\t\t\t<style>.elementor-element-63c9f70{display:none !important}<\/style>\t\t\t\t<\/div>\n\t\t\t\t<\/div>\n\t\t\t\t<div class=\"elementor-element elementor-element-baa3197 elementor-widget elementor-widget-text-editor\" data-id=\"baa3197\" data-element_type=\"widget\" data-e-type=\"widget\" data-widget_type=\"text-editor.default\">\n\t\t\t\t<div class=\"elementor-widget-container\">\n\t\t\t\t\t\t\t\t\t<p><strong>Aktive Komponenten<\/strong><\/p><p>Wir verwenden aktive Komponenten wie Javascript, Java-Applets oder Active-X-Controls. Diese Funktion kann durch die Einstellung Ihres Internetbrowsers von Ihnen abgeschaltet werden.<\/p>\t\t\t\t\t\t\t\t<\/div>\n\t\t\t\t<\/div>\n\t\t\t\t<div class=\"elementor-element elementor-element-8fa1937 elementor-widget elementor-widget-text-editor\" data-id=\"8fa1937\" data-element_type=\"widget\" data-e-type=\"widget\" data-widget_type=\"text-editor.default\">\n\t\t\t\t<div class=\"elementor-widget-container\">\n\t\t\t\t\t\t\t\t\t<p><strong>Einbindung von YouTube-Videos<\/strong><\/p><p>Auf unserer Webseite sind Videos der externen Videoplattform YouTube eingebunden. Standardm\u00e4\u00dfig werden dabei lediglich deaktivierte Bilder des YouTube-Kanals eingebettet, die keine automatisierte Verbindung mit den Servern von YouTube herstellen. Damit erh\u00e4lt der Betreiber beim Aufruf der Webseiten keine Daten vom Benutzer.<\/p><p><\/p><p>YouTube ist ein Angebot von YouTube LLC, 901 Cherry Ave., San Bruno, CA 94066, USA, einem Tochterunternehmen von Google Inc., 1600 Amphitheatre Parkway, Mountainview, California 94043, USA. Weitere Informationen zu Zweck und Umfang der Datenverarbeitung (auch au\u00dferhalb der Europ\u00e4ischen Union und au\u00dferhalb der USA) sowie Informationen zu Einstellungsm\u00f6glichkeiten zum Schutz Ihrer Privatsph\u00e4re erhalten Sie in der Datenschutzerkl\u00e4rung: <a href=\"https:\/\/policies.google.com\/privacy?hl=de&amp;gl=de\">https:\/\/policies.google.com\/privacy?hl=de&amp;gl=de<\/a>. Google verarbeitet Ihre personenbezogenen Daten unter anderem in den USA und hat sich insofern dem EU-US-Privacy Shield unterworfen.<\/p>\t\t\t\t\t\t\t\t<\/div>\n\t\t\t\t<\/div>\n\t\t\t\t<div class=\"elementor-element elementor-element-10aa4de elementor-widget elementor-widget-text-editor\" data-id=\"10aa4de\" data-element_type=\"widget\" data-e-type=\"widget\" data-widget_type=\"text-editor.default\">\n\t\t\t\t<div class=\"elementor-widget-container\">\n\t\t\t\t\t\t\t\t\t<p><strong>Anfrage per E-Mail, Telefon oder Telefax<\/strong><\/p><p>Wenn Sie uns per E-Mail, Telefon oder Telefax kontaktieren, wird Ihre Anfrage inklusive aller daraus hervorgehenden personenbezogenen Daten zum Zwecke der Bearbeitung Ihres Anliegens bei uns gespeichert und verarbeitet. Diese Daten geben wir nicht ohne Ihre Einwilligung gem\u00e4\u00df Art. 6 Abs. 1 lit. a DSGVO weiter.<\/p>\t\t\t\t\t\t\t\t<\/div>\n\t\t\t\t<\/div>\n\t\t\t\t<div class=\"elementor-element elementor-element-5a9768f elementor-widget elementor-widget-text-editor\" data-id=\"5a9768f\" data-element_type=\"widget\" data-e-type=\"widget\" data-widget_type=\"text-editor.default\">\n\t\t\t\t<div class=\"elementor-widget-container\">\n\t\t\t\t\t\t\t\t\t<p><b>Widerruf Ihrer Einwilligung zur Datenverarbeitung<\/b><\/p><p>Nur mit Ihrer ausdr\u00fccklichen Einwilligung sind einige Vorg\u00e4nge der Datenverarbeitung m\u00f6glich. Ein Widerruf Ihrer bereits erteilten Einwilligung ist jederzeit m\u00f6glich. F\u00fcr den Widerruf gen\u00fcgt eine formlose Mitteilung per E-Mail. Die Rechtm\u00e4\u00dfigkeit der bis zum Widerruf erfolgten Datenverarbeitung bleibt vom Widerruf unber\u00fchrt.<\/p><p>Recht auf Beschwerde bei der zust\u00e4ndigen Aufsichtsbeh\u00f6rde<\/p><p>Als Betroffener steht Ihnen im Falle eines datenschutzrechtlichen Versto\u00dfes ein Beschwerderecht bei der zust\u00e4ndigen Aufsichtsbeh\u00f6rde zu. Zust\u00e4ndige Aufsichtsbeh\u00f6rde bez\u00fcglich datenschutzrechtlicher Fragen ist der Landesdatenschutzbeauftragte des Bundeslandes, in dem sich der Sitz unseres Unternehmens befindet. Der folgende Link stellt eine Liste der Datenschutzbeauftragten sowie deren Kontaktdaten bereit: <a href=\"https:\/\/www.bfdi.bund.de\/DE\/Infothek\/Anschriften_Links\/anschriften_links-node.html\" target=\"_blank\" rel=\"noopener\">https:\/\/www.bfdi.bund.de\/DE\/Infothek\/Anschriften_Links\/anschriften_links-node.html<\/a>.<\/p>\t\t\t\t\t\t\t\t<\/div>\n\t\t\t\t<\/div>\n\t\t\t\t<div class=\"elementor-element elementor-element-8e71eb0 elementor-widget elementor-widget-text-editor\" data-id=\"8e71eb0\" data-element_type=\"widget\" data-e-type=\"widget\" data-widget_type=\"text-editor.default\">\n\t\t\t\t<div class=\"elementor-widget-container\">\n\t\t\t\t\t\t\t\t\t<p><b>Recht auf Daten\u00fcbertragbarkeit<\/b><\/p><p>Ihnen steht das Recht zu, Daten, die wir auf Grundlage Ihrer Einwilligung oder in Erf\u00fcllung eines Vertrags automatisiert verarbeiten, an sich oder an Dritte aush\u00e4ndigen zu lassen. Die Bereitstellung erfolgt in einem maschinenlesbaren Format. Sofern Sie die direkte \u00dcbertragung der Daten an einen anderen Verantwortlichen verlangen, erfolgt dies nur, soweit es technisch machbar ist.<\/p>\t\t\t\t\t\t\t\t<\/div>\n\t\t\t\t<\/div>\n\t\t\t\t<div class=\"elementor-element elementor-element-024d809 elementor-widget elementor-widget-text-editor\" data-id=\"024d809\" data-element_type=\"widget\" data-e-type=\"widget\" data-no-translation=\"\" data-widget_type=\"text-editor.default\">\n\t\t\t\t<div class=\"elementor-widget-container\">\n\t\t\t\t\t<style>.elementor-element-024d809{display:none !important}<\/style>\t\t\t\t<\/div>\n\t\t\t\t<\/div>\n\t\t\t\t<div class=\"elementor-element elementor-element-91f1c9e elementor-widget elementor-widget-text-editor\" data-id=\"91f1c9e\" data-element_type=\"widget\" data-e-type=\"widget\" data-widget_type=\"text-editor.default\">\n\t\t\t\t<div class=\"elementor-widget-container\">\n\t\t\t\t\t\t\t\t\t<div><p><strong>Cookie-Einwilligung mit Borlabs Cookie<\/strong><\/p><p>Unsere Website nutzt die Cookie-Consent-Technologie von Borlabs Cookie, um Ihre Einwilligung zur Speicherung bestimmter Cookies in Ihrem Browser einzuholen und diese datenschutzkonform zu dokumentieren. Anbieter dieser Technologie ist Borlabs \u2014 Benjamin A. Bornschein, Georg-Wilhelm-Str. 17, 21107 Hamburg (im Folgenden Borlabs).<\/p><p>Wenn Sie unsere Website betreten, wird ein Borlabs-Cookie in Ihrem Browser gespeichert, in dem die von Ihnen erteilten Einwilligungen oder der Widerruf dieser Einwilligungen gespeichert werden. Diese Daten werden nicht an den Anbieter von Borlabs Cookie weitergegeben.<\/p><p>Die erfassten Daten werden gespeichert, bis Sie uns zur L\u00f6schung auffordern bzw. das Borlabs-Cookie selbst l\u00f6schen oder der Zweck f\u00fcr die Datenspeicherung entf\u00e4llt. Zwingende gesetzliche Aufbewahrungsfristen bleiben unber\u00fchrt. Details zur Datenverarbeitung von Borlabs Cookie finden Sie unter <a href=\"https:\/\/de.borlabs.io\/kb\/welche-daten-speichert-borlabs-cookie\/\" target=\"_blank\" rel=\"noopener noreferrer\">https:\/\/de.borlabs.io\/kb\/welche-daten-speichert-borlabs-cookie\/<\/a><\/p><p>Der Einsatz der Borlabs-Cookie-Consent-Technologie erfolgt, um die gesetzlich vorgeschriebenen Einwilligungen f\u00fcr den Einsatz von Cookies einzuholen. Rechtsgrundlage hierf\u00fcr ist Art. 6 Abs. 1 S. 1 lit. c\u00a0DSGVO.<\/p><\/div>\t\t\t\t\t\t\t\t<\/div>\n\t\t\t\t<\/div>\n\t\t\t\t<div class=\"elementor-element elementor-element-637b167 elementor-widget elementor-widget-text-editor\" data-id=\"637b167\" data-element_type=\"widget\" data-e-type=\"widget\" data-no-translation=\"\" data-widget_type=\"text-editor.default\">\n\t\t\t\t<div class=\"elementor-widget-container\">\n\t\t\t\t\t<style>.elementor-element-637b167{display:none !important}<\/style>\t\t\t\t<\/div>\n\t\t\t\t<\/div>\n\t\t\t\t<div class=\"elementor-element elementor-element-85b0166 elementor-widget elementor-widget-text-editor\" data-id=\"85b0166\" data-element_type=\"widget\" data-e-type=\"widget\" data-widget_type=\"text-editor.default\">\n\t\t\t\t<div class=\"elementor-widget-container\">\n\t\t\t\t\t\t\t\t\t<div><p><strong>Kontaktformular<\/strong><\/p><p>Per Kontaktformular \u00fcbermittelte Daten werden einschlie\u00dflich Ihrer Kontaktdaten gespeichert, um Ihre Anfrage bearbeiten zu k\u00f6nnen oder um f\u00fcr Anschlussfragen bereitzustehen. Eine Weitergabe dieser Daten findet ohne Ihre Einwilligung nicht statt.<\/p><p>Die Verarbeitung der in das Kontaktformular eingegebenen Daten erfolgt ausschlie\u00dflich auf Grundlage Ihrer Einwilligung (Art. 6 Abs. 1 lit. a DSGVO). Ein Widerruf Ihrer bereits erteilten Einwilligung ist jederzeit m\u00f6glich. F\u00fcr den Widerruf gen\u00fcgt eine formlose Mitteilung per E-Mail. Die Rechtm\u00e4\u00dfigkeit der bis zum Widerruf erfolgten Datenverarbeitungsvorg\u00e4nge bleibt vom Widerruf unber\u00fchrt.<\/p><p>\u00dcber das Kontaktformular \u00fcbermittelte Daten verbleiben bei uns, bis Sie uns zur L\u00f6schung auffordern, Ihre Einwilligung zur Speicherung widerrufen oder keine Notwendigkeit der Datenspeicherung mehr besteht. Zwingende gesetzliche Bestimmungen \u2013 insbesondere Aufbewahrungsfristen \u2013 bleiben unber\u00fchrt.<\/p><\/div>\t\t\t\t\t\t\t\t<\/div>\n\t\t\t\t<\/div>\n\t\t\t\t\t<\/div>\n\t\t<\/div>\n\t\t\t\t\t<\/div>\n\t\t<\/section>\n\t\t\t\t<\/div>\n\t\t","protected":false},"excerpt":{"rendered":"<p>Datenschutz Diese Datenschutzerkl\u00e4rung bezieht sich auf die Verarbeitung personenbezogener Daten im Rahmen dieses Internetauftritts, einschlie\u00dflich der dort angebotenen Dienste. F\u00fcr n\u00e4here Informationen zur Verarbeitung Ihrer personenbezogenen Daten k\u00f6nnen Sie uns unter den unten genannten Kontaktdaten erreichen. Allgemeine Hinweise Kontaktdaten des Verantwortlichen Wasserwirtschaftsamt HofJahnstra\u00dfe 495030 Hof Kontaktdaten des zentralen Datenschutzbeauftragten f\u00fcr die Wasserwirtschafts\u00e4mter Alfons LothE-Mail: datenschutzbeauftragter@wwa-ts.bayern.de [&hellip;]<\/p>\n","protected":false},"author":1,"featured_media":0,"parent":0,"menu_order":0,"comment_status":"closed","ping_status":"closed","template":"","meta":{"inline_featured_image":false,"footnotes":""},"class_list":["post-358","page","type-page","status-publish","hentry"],"yoast_head":"<!-- This site is optimized with the Yoast SEO plugin v27.4 - https:\/\/yoast.com\/product\/yoast-seo-wordpress\/ -->\n<title>Datenschutz - Selbbach<\/title>\n<meta name=\"robots\" content=\"index, follow, max-snippet:-1, max-image-preview:large, max-video-preview:-1\" \/>\n<link rel=\"canonical\" href=\"https:\/\/selbbach.de\/czech\/datenschutz\/\" \/>\n<meta property=\"og:locale\" content=\"cs_CZ\" \/>\n<meta property=\"og:type\" content=\"article\" \/>\n<meta property=\"og:title\" content=\"Datenschutz - Selbbach\" \/>\n<meta property=\"og:description\" content=\"Datenschutz Diese Datenschutzerkl\u00e4rung bezieht sich auf die Verarbeitung personenbezogener Daten im Rahmen dieses Internetauftritts, einschlie\u00dflich der dort angebotenen Dienste. F\u00fcr n\u00e4here Informationen zur Verarbeitung Ihrer personenbezogenen Daten k\u00f6nnen Sie uns unter den unten genannten Kontaktdaten erreichen. Allgemeine Hinweise Kontaktdaten des Verantwortlichen Wasserwirtschaftsamt HofJahnstra\u00dfe 495030 Hof Kontaktdaten des zentralen Datenschutzbeauftragten f\u00fcr die Wasserwirtschafts\u00e4mter Alfons LothE-Mail: datenschutzbeauftragter@wwa-ts.bayern.de [&hellip;]\" \/>\n<meta property=\"og:url\" content=\"https:\/\/selbbach.de\/czech\/datenschutz\/\" \/>\n<meta property=\"og:site_name\" content=\"Selbbach\" \/>\n<meta property=\"article:modified_time\" content=\"2022-04-25T13:28:04+00:00\" \/>\n<meta name=\"twitter:card\" content=\"summary_large_image\" \/>\n<meta name=\"twitter:label1\" content=\"Odhadovan\u00e1 doba \u010dten\u00ed\" \/>\n\t<meta name=\"twitter:data1\" content=\"9 minut\" \/>\n<script type=\"application\/ld+json\" class=\"yoast-schema-graph\">{\"@context\":\"https:\\\/\\\/schema.org\",\"@graph\":[{\"@type\":\"WebPage\",\"@id\":\"https:\\\/\\\/selbbach.de\\\/datenschutz\\\/\",\"url\":\"https:\\\/\\\/selbbach.de\\\/datenschutz\\\/\",\"name\":\"Datenschutz - Selbbach\",\"isPartOf\":{\"@id\":\"https:\\\/\\\/selbbach.de\\\/#website\"},\"datePublished\":\"2020-11-15T16:27:07+00:00\",\"dateModified\":\"2022-04-25T13:28:04+00:00\",\"breadcrumb\":{\"@id\":\"https:\\\/\\\/selbbach.de\\\/datenschutz\\\/#breadcrumb\"},\"inLanguage\":\"cs\",\"potentialAction\":[{\"@type\":\"ReadAction\",\"target\":[\"https:\\\/\\\/selbbach.de\\\/datenschutz\\\/\"]}]},{\"@type\":\"BreadcrumbList\",\"@id\":\"https:\\\/\\\/selbbach.de\\\/datenschutz\\\/#breadcrumb\",\"itemListElement\":[{\"@type\":\"ListItem\",\"position\":1,\"name\":\"Startseite\",\"item\":\"https:\\\/\\\/selbbach.de\\\/\"},{\"@type\":\"ListItem\",\"position\":2,\"name\":\"Datenschutz\"}]},{\"@type\":\"WebSite\",\"@id\":\"https:\\\/\\\/selbbach.de\\\/#website\",\"url\":\"https:\\\/\\\/selbbach.de\\\/\",\"name\":\"Selbbach\",\"description\":\"Wasserwirtschaftsamt Hof\",\"publisher\":{\"@id\":\"https:\\\/\\\/selbbach.de\\\/#organization\"},\"potentialAction\":[{\"@type\":\"SearchAction\",\"target\":{\"@type\":\"EntryPoint\",\"urlTemplate\":\"https:\\\/\\\/selbbach.de\\\/?s={search_term_string}\"},\"query-input\":{\"@type\":\"PropertyValueSpecification\",\"valueRequired\":true,\"valueName\":\"search_term_string\"}}],\"inLanguage\":\"cs\"},{\"@type\":\"Organization\",\"@id\":\"https:\\\/\\\/selbbach.de\\\/#organization\",\"name\":\"Selbbach Wasserwirtschaftsamt Hof\",\"url\":\"https:\\\/\\\/selbbach.de\\\/\",\"logo\":{\"@type\":\"ImageObject\",\"inLanguage\":\"cs\",\"@id\":\"https:\\\/\\\/selbbach.de\\\/#\\\/schema\\\/logo\\\/image\\\/\",\"url\":\"https:\\\/\\\/selbbach.de\\\/wp-content\\\/uploads\\\/2020\\\/10\\\/Logo-Selbbach.png\",\"contentUrl\":\"https:\\\/\\\/selbbach.de\\\/wp-content\\\/uploads\\\/2020\\\/10\\\/Logo-Selbbach.png\",\"width\":1512,\"height\":530,\"caption\":\"Selbbach Wasserwirtschaftsamt Hof\"},\"image\":{\"@id\":\"https:\\\/\\\/selbbach.de\\\/#\\\/schema\\\/logo\\\/image\\\/\"}}]}<\/script>\n<!-- \/ Yoast SEO plugin. -->","yoast_head_json":{"title":"Datenschutz - Selbbach","robots":{"index":"index","follow":"follow","max-snippet":"max-snippet:-1","max-image-preview":"max-image-preview:large","max-video-preview":"max-video-preview:-1"},"canonical":"https:\/\/selbbach.de\/czech\/datenschutz\/","og_locale":"cs_CZ","og_type":"article","og_title":"Datenschutz - Selbbach","og_description":"Datenschutz Diese Datenschutzerkl\u00e4rung bezieht sich auf die Verarbeitung personenbezogener Daten im Rahmen dieses Internetauftritts, einschlie\u00dflich der dort angebotenen Dienste. F\u00fcr n\u00e4here Informationen zur Verarbeitung Ihrer personenbezogenen Daten k\u00f6nnen Sie uns unter den unten genannten Kontaktdaten erreichen. Allgemeine Hinweise Kontaktdaten des Verantwortlichen Wasserwirtschaftsamt HofJahnstra\u00dfe 495030 Hof Kontaktdaten des zentralen Datenschutzbeauftragten f\u00fcr die Wasserwirtschafts\u00e4mter Alfons LothE-Mail: datenschutzbeauftragter@wwa-ts.bayern.de [&hellip;]","og_url":"https:\/\/selbbach.de\/czech\/datenschutz\/","og_site_name":"Selbbach","article_modified_time":"2022-04-25T13:28:04+00:00","twitter_card":"summary_large_image","twitter_misc":{"Odhadovan\u00e1 doba \u010dten\u00ed":"9 minut"},"schema":{"@context":"https:\/\/schema.org","@graph":[{"@type":"WebPage","@id":"https:\/\/selbbach.de\/datenschutz\/","url":"https:\/\/selbbach.de\/datenschutz\/","name":"Datenschutz - Selbbach","isPartOf":{"@id":"https:\/\/selbbach.de\/#website"},"datePublished":"2020-11-15T16:27:07+00:00","dateModified":"2022-04-25T13:28:04+00:00","breadcrumb":{"@id":"https:\/\/selbbach.de\/datenschutz\/#breadcrumb"},"inLanguage":"cs","potentialAction":[{"@type":"ReadAction","target":["https:\/\/selbbach.de\/datenschutz\/"]}]},{"@type":"BreadcrumbList","@id":"https:\/\/selbbach.de\/datenschutz\/#breadcrumb","itemListElement":[{"@type":"ListItem","position":1,"name":"Startseite","item":"https:\/\/selbbach.de\/"},{"@type":"ListItem","position":2,"name":"Datenschutz"}]},{"@type":"WebSite","@id":"https:\/\/selbbach.de\/#website","url":"https:\/\/selbbach.de\/","name":"Selbbach","description":"Vodohospod\u00e1\u0159sk\u00fd \u00fa\u0159ad Hof","publisher":{"@id":"https:\/\/selbbach.de\/#organization"},"potentialAction":[{"@type":"SearchAction","target":{"@type":"EntryPoint","urlTemplate":"https:\/\/selbbach.de\/?s={search_term_string}"},"query-input":{"@type":"PropertyValueSpecification","valueRequired":true,"valueName":"search_term_string"}}],"inLanguage":"cs"},{"@type":"Organization","@id":"https:\/\/selbbach.de\/#organization","name":"Selbbach Wasserwirtschaftsamt Hof","url":"https:\/\/selbbach.de\/","logo":{"@type":"ImageObject","inLanguage":"cs","@id":"https:\/\/selbbach.de\/#\/schema\/logo\/image\/","url":"https:\/\/selbbach.de\/wp-content\/uploads\/2020\/10\/Logo-Selbbach.png","contentUrl":"https:\/\/selbbach.de\/wp-content\/uploads\/2020\/10\/Logo-Selbbach.png","width":1512,"height":530,"caption":"Selbbach Wasserwirtschaftsamt Hof"},"image":{"@id":"https:\/\/selbbach.de\/#\/schema\/logo\/image\/"}}]}},"_links":{"self":[{"href":"https:\/\/selbbach.de\/czech\/wp-json\/wp\/v2\/pages\/358","targetHints":{"allow":["GET"]}}],"collection":[{"href":"https:\/\/selbbach.de\/czech\/wp-json\/wp\/v2\/pages"}],"about":[{"href":"https:\/\/selbbach.de\/czech\/wp-json\/wp\/v2\/types\/page"}],"author":[{"embeddable":true,"href":"https:\/\/selbbach.de\/czech\/wp-json\/wp\/v2\/users\/1"}],"replies":[{"embeddable":true,"href":"https:\/\/selbbach.de\/czech\/wp-json\/wp\/v2\/comments?post=358"}],"version-history":[{"count":10,"href":"https:\/\/selbbach.de\/czech\/wp-json\/wp\/v2\/pages\/358\/revisions"}],"predecessor-version":[{"id":1369,"href":"https:\/\/selbbach.de\/czech\/wp-json\/wp\/v2\/pages\/358\/revisions\/1369"}],"wp:attachment":[{"href":"https:\/\/selbbach.de\/czech\/wp-json\/wp\/v2\/media?parent=358"}],"curies":[{"name":"wp","href":"https:\/\/api.w.org\/{rel}","templated":true}]}}